{"id":4651,"date":"2014-11-27T15:54:34","date_gmt":"2014-11-27T13:54:34","guid":{"rendered":"http:\/\/zebemusic.smukkeberg.com\/?page_id=4651"},"modified":"2025-02-12T02:35:56","modified_gmt":"2025-02-12T01:35:56","slug":"andreasmuecksch","status":"publish","type":"page","link":"https:\/\/www.zebemusic.com\/de\/ueber-uns\/autoren\/andreasmuecksch\/","title":{"rendered":"Andreas M\u00fccksch"},"content":{"rendered":"<p><img loading=\"lazy\" decoding=\"async\" class=\"size-medium wp-image-7673 alignleft\" src=\"https:\/\/zebemusic.com\/wp-content\/uploads\/2018\/01\/muecksch-200x300.jpg\" alt=\"\" width=\"200\" height=\"300\" srcset=\"https:\/\/www.zebemusic.com\/wp-content\/uploads\/2018\/01\/muecksch-200x300.jpg 200w, https:\/\/www.zebemusic.com\/wp-content\/uploads\/2018\/01\/muecksch-scaled-600x899.jpg 600w, https:\/\/www.zebemusic.com\/wp-content\/uploads\/2018\/01\/muecksch-100x150.jpg 100w, https:\/\/www.zebemusic.com\/wp-content\/uploads\/2018\/01\/muecksch-768x1150.jpg 768w, https:\/\/www.zebemusic.com\/wp-content\/uploads\/2018\/01\/muecksch-684x1024.jpg 684w, https:\/\/www.zebemusic.com\/wp-content\/uploads\/2018\/01\/muecksch-60x90.jpg 60w, https:\/\/www.zebemusic.com\/wp-content\/uploads\/2018\/01\/muecksch-scaled.jpg 1709w\" sizes=\"auto, (max-width: 200px) 100vw, 200px\" \/><\/p>\n<p>Andreas M\u00fccksch wurde 1962 in Quedlinburg als Sohn eines Theologenpaares geboren. Er erhielt bereits mit vier Jahren eine klassische Ausbildung im Klavierspiel. Als Jugendlicher sammelte er im Instrumentalunterricht sowie in der Bandarbeit zus\u00e4tzlich Erfahrung im Jazz- und Popbereich. In Halle (Saale) studierte er ab 1985 Kirchenmusik und absolvierte mit dem Master-Abschluss. Seit 1993 ist er Kirchenmusiker in der Pauluskirche in Halle und leitet die Erwachsenen-, Jugend- Kinderch\u00f6re, das Gemeindeorchester und den Posaunenchor.<br \/>\nAndreas M\u00fccksch wurde 2003 mit dem Ehrentitel des <em>Kirchenmusikdirektors<\/em> f\u00fcr seine Verdienste geehrt.<\/p>\n<p>Als Komponist schreibt er zusammen mit <a href=\"\/barbaraschatz\">Barbara Schatz<\/a> und <a href=\"\/corneliatrommer\">Cornelia Georg (geb. Trommer)<\/a> biblische Musicals und Singspiele f\u00fcr ZebeMusic. Gemeinsam mit Jugendlichen aus der Paulusgemeinde bringt er seine Werke mehrmals im Jahr zur B\u00fchnenauff\u00fchrung, unter anderem in der Pauluskirche Halle, im Theater Erfurt, auf den Deutschen Evangelischen Kirchentagen und den \u00d6kumenischen Kirchentagen. M\u00fcckschs grandiose Rockmesse <a href=\"\/messe-in-d\">Messe in D<\/a> kam 2015 auf dem Kirchentag in Stuttgart zur Urauff\u00fchrung. 2023 leitete er die Er\u00f6ffnungs- und Schlussgottesdienste des Evangelischen Kirchentags in N\u00fcrnberg.<br \/>\nVor allem aber werden M\u00fcckschs Werke im gesamten deutschsprachigen Raum von Schulen, Kirchengemeinden aller Konfessionen und Chorverb\u00e4nden aufgef\u00fchrt.<br \/>\nAndreas M\u00fccksch ist Mitorganisator einer neuen Gottesdienstreihe der <a href=\"https:\/\/www.paulusgemeinde-halle.de\">Paulusgemeinde Halle<\/a> <em>Jazz und Literatur im Gottesdienst<\/em>.<\/p>\n<p style=\"text-align: right;\">Andreas&#8217; Webseite: <a href=\"http:\/\/www.andreas-muecksch.de\" target=\"_blank\" rel=\"noopener\">www.andreas-muecksch.de<\/a><\/p>\n<hr \/>\n<h3 style=\"text-align: left;\">Andreas bei ZebeMusic:<!--?php if ( function_exists('socialshareprivacy') ) { socialshareprivacy(); } ?--><\/h3>\n","protected":false},"excerpt":{"rendered":"<p>Andreas M\u00fccksch wurde 1962 in Quedlinburg als Sohn eines Theologenpaares geboren. Er erhielt bereits mit vier Jahren eine klassische Ausbildung im Klavierspiel. Als Jugendlicher sammelte er im Instrumentalunterricht sowie in der Bandarbeit zus\u00e4tzlich Erfahrung im Jazz- und Popbereich. In Halle (Saale) studierte er ab 1985 Kirchenmusik und absolvierte mit dem Master-Abschluss. Seit 1993 ist er [&hellip;]<\/p>\n","protected":false},"author":50,"featured_media":0,"parent":36,"menu_order":0,"comment_status":"closed","ping_status":"closed","template":"page-templates\/page-sidebar-none.php","meta":{"_acf_changed":false,"footnotes":""},"class_list":["post-4651","page","type-page","status-publish","hentry"],"acf":[],"yoast_head":"<!-- This site is optimized with the Yoast SEO plugin v27.5 - https:\/\/yoast.com\/product\/yoast-seo-wordpress\/ -->\n<title>Andreas M\u00fccksch - Komposition<\/title>\n<meta name=\"description\" content=\"Kindermusicals zu biblischen Themen des Komponisten ANDREAS M\u00dcCKSCH sind sehr popul\u00e4r. Doch auch seine symphonische Werke sind erfolgreich! H\u00d6REN &gt;&gt;&gt;\" \/>\n<meta name=\"robots\" content=\"index, follow, max-snippet:-1, max-image-preview:large, max-video-preview:-1\" \/>\n<link rel=\"canonical\" href=\"https:\/\/www.zebemusic.com\/de\/ueber-uns\/autoren\/andreasmuecksch\/\" \/>\n<meta property=\"og:locale\" content=\"de_DE\" \/>\n<meta property=\"og:type\" content=\"article\" \/>\n<meta property=\"og:title\" content=\"Andreas M\u00fccksch - Komposition\" \/>\n<meta property=\"og:description\" content=\"Kindermusicals zu biblischen Themen des Komponisten ANDREAS M\u00dcCKSCH sind sehr popul\u00e4r. Doch auch seine symphonische Werke sind erfolgreich! H\u00d6REN &gt;&gt;&gt;\" \/>\n<meta property=\"og:url\" content=\"https:\/\/www.zebemusic.com\/de\/ueber-uns\/autoren\/andreasmuecksch\/\" \/>\n<meta property=\"og:site_name\" content=\"ZebeMusic\" \/>\n<meta property=\"article:publisher\" content=\"https:\/\/www.facebook.com\/zebemusic\" \/>\n<meta property=\"article:modified_time\" content=\"2025-02-12T01:35:56+00:00\" \/>\n<meta property=\"og:image\" content=\"https:\/\/www.zebemusic.com\/wp-content\/uploads\/2018\/01\/muecksch-scaled.jpg\" \/>\n\t<meta property=\"og:image:width\" content=\"1709\" \/>\n\t<meta property=\"og:image:height\" content=\"2560\" \/>\n\t<meta property=\"og:image:type\" content=\"image\/jpeg\" \/>\n<meta name=\"twitter:card\" content=\"summary_large_image\" \/>\n<meta name=\"twitter:label1\" content=\"Est. reading time\" \/>\n\t<meta name=\"twitter:data1\" content=\"2 minutes\" \/>\n<script type=\"application\/ld+json\" class=\"yoast-schema-graph\">{\"@context\":\"https:\\\/\\\/schema.org\",\"@graph\":[{\"@type\":\"WebPage\",\"@id\":\"https:\\\/\\\/www.zebemusic.com\\\/de\\\/ueber-uns\\\/autoren\\\/andreasmuecksch\\\/\",\"url\":\"https:\\\/\\\/www.zebemusic.com\\\/de\\\/ueber-uns\\\/autoren\\\/andreasmuecksch\\\/\",\"name\":\"Andreas M\u00fccksch - Komposition\",\"isPartOf\":{\"@id\":\"https:\\\/\\\/www.zebemusic.com\\\/de\\\/#website\"},\"primaryImageOfPage\":{\"@id\":\"https:\\\/\\\/www.zebemusic.com\\\/de\\\/ueber-uns\\\/autoren\\\/andreasmuecksch\\\/#primaryimage\"},\"image\":{\"@id\":\"https:\\\/\\\/www.zebemusic.com\\\/de\\\/ueber-uns\\\/autoren\\\/andreasmuecksch\\\/#primaryimage\"},\"thumbnailUrl\":\"https:\\\/\\\/zebemusic.com\\\/wp-content\\\/uploads\\\/2018\\\/01\\\/muecksch-200x300.jpg\",\"datePublished\":\"2014-11-27T13:54:34+00:00\",\"dateModified\":\"2025-02-12T01:35:56+00:00\",\"description\":\"Kindermusicals zu biblischen Themen des Komponisten ANDREAS M\u00dcCKSCH sind sehr popul\u00e4r. Doch auch seine symphonische Werke sind erfolgreich! H\u00d6REN >>>\",\"breadcrumb\":{\"@id\":\"https:\\\/\\\/www.zebemusic.com\\\/de\\\/ueber-uns\\\/autoren\\\/andreasmuecksch\\\/#breadcrumb\"},\"inLanguage\":\"de-DE\",\"potentialAction\":[{\"@type\":\"ReadAction\",\"target\":[\"https:\\\/\\\/www.zebemusic.com\\\/de\\\/ueber-uns\\\/autoren\\\/andreasmuecksch\\\/\"]}]},{\"@type\":\"ImageObject\",\"inLanguage\":\"de-DE\",\"@id\":\"https:\\\/\\\/www.zebemusic.com\\\/de\\\/ueber-uns\\\/autoren\\\/andreasmuecksch\\\/#primaryimage\",\"url\":\"https:\\\/\\\/zebemusic.com\\\/wp-content\\\/uploads\\\/2018\\\/01\\\/muecksch-200x300.jpg\",\"contentUrl\":\"https:\\\/\\\/zebemusic.com\\\/wp-content\\\/uploads\\\/2018\\\/01\\\/muecksch-200x300.jpg\"},{\"@type\":\"BreadcrumbList\",\"@id\":\"https:\\\/\\\/www.zebemusic.com\\\/de\\\/ueber-uns\\\/autoren\\\/andreasmuecksch\\\/#breadcrumb\",\"itemListElement\":[{\"@type\":\"ListItem\",\"position\":1,\"name\":\"\u00dcber uns\",\"item\":\"https:\\\/\\\/www.zebemusic.com\\\/de\\\/ueber-uns\\\/\"},{\"@type\":\"ListItem\",\"position\":2,\"name\":\"Autoren &#038; K\u00fcnstler\",\"item\":\"https:\\\/\\\/www.zebemusic.com\\\/de\\\/ueber-uns\\\/autoren\\\/\"},{\"@type\":\"ListItem\",\"position\":3,\"name\":\"Andreas M\u00fccksch\"}]},{\"@type\":\"WebSite\",\"@id\":\"https:\\\/\\\/www.zebemusic.com\\\/de\\\/#website\",\"url\":\"https:\\\/\\\/www.zebemusic.com\\\/de\\\/\",\"name\":\"ZebeMusic\",\"description\":\"makes you sing.\",\"publisher\":{\"@id\":\"https:\\\/\\\/www.zebemusic.com\\\/de\\\/#organization\"},\"alternateName\":\"Gospelnoten & Kindermusicals\",\"potentialAction\":[{\"@type\":\"SearchAction\",\"target\":{\"@type\":\"EntryPoint\",\"urlTemplate\":\"https:\\\/\\\/www.zebemusic.com\\\/de\\\/?s={search_term_string}\"},\"query-input\":{\"@type\":\"PropertyValueSpecification\",\"valueRequired\":true,\"valueName\":\"search_term_string\"}}],\"inLanguage\":\"de-DE\"},{\"@type\":\"Organization\",\"@id\":\"https:\\\/\\\/www.zebemusic.com\\\/de\\\/#organization\",\"name\":\"ZebeMusic\",\"url\":\"https:\\\/\\\/www.zebemusic.com\\\/de\\\/\",\"logo\":{\"@type\":\"ImageObject\",\"inLanguage\":\"de-DE\",\"@id\":\"https:\\\/\\\/www.zebemusic.com\\\/de\\\/#\\\/schema\\\/logo\\\/image\\\/\",\"url\":\"https:\\\/\\\/www.zebemusic.com\\\/wp-content\\\/uploads\\\/2025\\\/10\\\/ZEBE-Logo_ZW-makesyousing.jpg\",\"contentUrl\":\"https:\\\/\\\/www.zebemusic.com\\\/wp-content\\\/uploads\\\/2025\\\/10\\\/ZEBE-Logo_ZW-makesyousing.jpg\",\"width\":2212,\"height\":958,\"caption\":\"ZebeMusic\"},\"image\":{\"@id\":\"https:\\\/\\\/www.zebemusic.com\\\/de\\\/#\\\/schema\\\/logo\\\/image\\\/\"},\"sameAs\":[\"https:\\\/\\\/www.facebook.com\\\/zebemusic\",\"https:\\\/\\\/www.instagram.com\\\/zebemusic\",\"https:\\\/\\\/www.youtube.com\\\/zebemusicberlin\"]}]}<\/script>\n<!-- \/ Yoast SEO plugin. -->","yoast_head_json":{"title":"Andreas M\u00fccksch - Komposition","description":"Kindermusicals zu biblischen Themen des Komponisten ANDREAS M\u00dcCKSCH sind sehr popul\u00e4r. Doch auch seine symphonische Werke sind erfolgreich! H\u00d6REN >>>","robots":{"index":"index","follow":"follow","max-snippet":"max-snippet:-1","max-image-preview":"max-image-preview:large","max-video-preview":"max-video-preview:-1"},"canonical":"https:\/\/www.zebemusic.com\/de\/ueber-uns\/autoren\/andreasmuecksch\/","og_locale":"de_DE","og_type":"article","og_title":"Andreas M\u00fccksch - Komposition","og_description":"Kindermusicals zu biblischen Themen des Komponisten ANDREAS M\u00dcCKSCH sind sehr popul\u00e4r. Doch auch seine symphonische Werke sind erfolgreich! H\u00d6REN >>>","og_url":"https:\/\/www.zebemusic.com\/de\/ueber-uns\/autoren\/andreasmuecksch\/","og_site_name":"ZebeMusic","article_publisher":"https:\/\/www.facebook.com\/zebemusic","article_modified_time":"2025-02-12T01:35:56+00:00","og_image":[{"width":1709,"height":2560,"url":"https:\/\/www.zebemusic.com\/wp-content\/uploads\/2018\/01\/muecksch-scaled.jpg","type":"image\/jpeg"}],"twitter_card":"summary_large_image","twitter_misc":{"Est. reading time":"2 minutes"},"schema":{"@context":"https:\/\/schema.org","@graph":[{"@type":"WebPage","@id":"https:\/\/www.zebemusic.com\/de\/ueber-uns\/autoren\/andreasmuecksch\/","url":"https:\/\/www.zebemusic.com\/de\/ueber-uns\/autoren\/andreasmuecksch\/","name":"Andreas M\u00fccksch - Komposition","isPartOf":{"@id":"https:\/\/www.zebemusic.com\/de\/#website"},"primaryImageOfPage":{"@id":"https:\/\/www.zebemusic.com\/de\/ueber-uns\/autoren\/andreasmuecksch\/#primaryimage"},"image":{"@id":"https:\/\/www.zebemusic.com\/de\/ueber-uns\/autoren\/andreasmuecksch\/#primaryimage"},"thumbnailUrl":"https:\/\/zebemusic.com\/wp-content\/uploads\/2018\/01\/muecksch-200x300.jpg","datePublished":"2014-11-27T13:54:34+00:00","dateModified":"2025-02-12T01:35:56+00:00","description":"Kindermusicals zu biblischen Themen des Komponisten ANDREAS M\u00dcCKSCH sind sehr popul\u00e4r. Doch auch seine symphonische Werke sind erfolgreich! H\u00d6REN >>>","breadcrumb":{"@id":"https:\/\/www.zebemusic.com\/de\/ueber-uns\/autoren\/andreasmuecksch\/#breadcrumb"},"inLanguage":"de-DE","potentialAction":[{"@type":"ReadAction","target":["https:\/\/www.zebemusic.com\/de\/ueber-uns\/autoren\/andreasmuecksch\/"]}]},{"@type":"ImageObject","inLanguage":"de-DE","@id":"https:\/\/www.zebemusic.com\/de\/ueber-uns\/autoren\/andreasmuecksch\/#primaryimage","url":"https:\/\/zebemusic.com\/wp-content\/uploads\/2018\/01\/muecksch-200x300.jpg","contentUrl":"https:\/\/zebemusic.com\/wp-content\/uploads\/2018\/01\/muecksch-200x300.jpg"},{"@type":"BreadcrumbList","@id":"https:\/\/www.zebemusic.com\/de\/ueber-uns\/autoren\/andreasmuecksch\/#breadcrumb","itemListElement":[{"@type":"ListItem","position":1,"name":"\u00dcber uns","item":"https:\/\/www.zebemusic.com\/de\/ueber-uns\/"},{"@type":"ListItem","position":2,"name":"Autoren &#038; K\u00fcnstler","item":"https:\/\/www.zebemusic.com\/de\/ueber-uns\/autoren\/"},{"@type":"ListItem","position":3,"name":"Andreas M\u00fccksch"}]},{"@type":"WebSite","@id":"https:\/\/www.zebemusic.com\/de\/#website","url":"https:\/\/www.zebemusic.com\/de\/","name":"ZebeMusic","description":"makes you sing.","publisher":{"@id":"https:\/\/www.zebemusic.com\/de\/#organization"},"alternateName":"Gospelnoten & Kindermusicals","potentialAction":[{"@type":"SearchAction","target":{"@type":"EntryPoint","urlTemplate":"https:\/\/www.zebemusic.com\/de\/?s={search_term_string}"},"query-input":{"@type":"PropertyValueSpecification","valueRequired":true,"valueName":"search_term_string"}}],"inLanguage":"de-DE"},{"@type":"Organization","@id":"https:\/\/www.zebemusic.com\/de\/#organization","name":"ZebeMusic","url":"https:\/\/www.zebemusic.com\/de\/","logo":{"@type":"ImageObject","inLanguage":"de-DE","@id":"https:\/\/www.zebemusic.com\/de\/#\/schema\/logo\/image\/","url":"https:\/\/www.zebemusic.com\/wp-content\/uploads\/2025\/10\/ZEBE-Logo_ZW-makesyousing.jpg","contentUrl":"https:\/\/www.zebemusic.com\/wp-content\/uploads\/2025\/10\/ZEBE-Logo_ZW-makesyousing.jpg","width":2212,"height":958,"caption":"ZebeMusic"},"image":{"@id":"https:\/\/www.zebemusic.com\/de\/#\/schema\/logo\/image\/"},"sameAs":["https:\/\/www.facebook.com\/zebemusic","https:\/\/www.instagram.com\/zebemusic","https:\/\/www.youtube.com\/zebemusicberlin"]}]}},"_links":{"self":[{"href":"https:\/\/www.zebemusic.com\/de\/wp-json\/wp\/v2\/pages\/4651","targetHints":{"allow":["GET"]}}],"collection":[{"href":"https:\/\/www.zebemusic.com\/de\/wp-json\/wp\/v2\/pages"}],"about":[{"href":"https:\/\/www.zebemusic.com\/de\/wp-json\/wp\/v2\/types\/page"}],"author":[{"embeddable":true,"href":"https:\/\/www.zebemusic.com\/de\/wp-json\/wp\/v2\/users\/50"}],"replies":[{"embeddable":true,"href":"https:\/\/www.zebemusic.com\/de\/wp-json\/wp\/v2\/comments?post=4651"}],"version-history":[{"count":28,"href":"https:\/\/www.zebemusic.com\/de\/wp-json\/wp\/v2\/pages\/4651\/revisions"}],"predecessor-version":[{"id":22970,"href":"https:\/\/www.zebemusic.com\/de\/wp-json\/wp\/v2\/pages\/4651\/revisions\/22970"}],"up":[{"embeddable":true,"href":"https:\/\/www.zebemusic.com\/de\/wp-json\/wp\/v2\/pages\/36"}],"wp:attachment":[{"href":"https:\/\/www.zebemusic.com\/de\/wp-json\/wp\/v2\/media?parent=4651"}],"curies":[{"name":"wp","href":"https:\/\/api.w.org\/{rel}","templated":true}]}}