{"id":27691,"date":"2025-07-28T15:46:34","date_gmt":"2025-07-28T14:46:34","guid":{"rendered":"https:\/\/www.zebemusic.com\/product\/go-tell-it-in-the-mountain-guillen\/"},"modified":"2025-09-05T17:27:04","modified_gmt":"2025-09-05T16:27:04","slug":"go-tell-it-in-the-mountain-guillen","status":"publish","type":"product","link":"https:\/\/www.zebemusic.com\/fr\/product\/go-tell-it-in-the-mountain-guillen\/","title":{"rendered":"Go Tell It in the Mountain (Guillen)"},"content":{"rendered":"","protected":false},"excerpt":{"rendered":"<p>Vous trouverez ici les \u00e9ditions avec la partie vocale de la chanson de Jeff Guillen.<br \/>\nLa version t\u00e9l\u00e9chargeable pour ch\u0153ur et piano contient \u00e9galement un PDF gratuit de l&#8217;accompagnement.<\/p>\n<p>Veuillez commander les partitions de ch\u0153ur en nombre \u00e9gal \u00e0 celui de vos choristes. La quantit\u00e9 minimale de commande est de 15 exemplaires. <\/p>\n<p>D\u00e9mo de la CHRISTMAS COLLECTION (ZE 3043) :<\/p>\n[audio mp3=\"https:\/\/www.zebemusic.com\/wp-content\/uploads\/2024\/02\/ZEBE3043.mp3\"][\/audio]\n<hr>\n<p>&#8211; <strong>M\u00e9lodie + Piano \/ Piano Solo <\/strong>de <a href=\"https:\/\/www.zebemusic.com\/fr\/product\/the-ultimate-gospel-song-book\/\">The Ultimate Gospel Song Book<\/a>, T\u00e9l\u00e9chargement PDF, \u20ac 1,49<\/p>\n<p>&#8211; <strong>SATB a cappella<\/strong> (ZE 1238) de <a href=\"https:\/\/www.zebemusic.com\/the-ultimate-gospel-choir-book-2\">The Ultimate Gospel Choir Book 2<\/a>, \u20ac 0,90 \/ T\u00e9l\u00e9chargement PDF, \u20ac 0,89<\/p>\n<p>&#8211; <strong>SA a cappella<\/strong> (ZE 1281, avec symboles d&#8217;accords) de <a href=\"https:\/\/www.zebemusic.com\/the-ultimate-gospel-choir-book-3\">The Ultimate Gospel Choir Book 3<\/a>, \u20ac 0,90 \/ T\u00e9l\u00e9chargement PDF, \u20ac 0,89<\/p>\n<p>&#8211; <strong>SAB, Solo + Piano<\/strong> (ZE 3043) de <a href=\"https:\/\/www.zebemusic.com\/ultimate-gospel-choir-book-christmas-collection\/\">The Ultimate Gospel Choir Book, Christmas Collection<\/a>, \u20ac 1,50 \/ T\u00e9l\u00e9chargement PDF voix de ch\u0153ur et partition, \u20ac 1,29<\/p>\n<p>&nbsp;<\/p>\n<p>Veuillez s\u00e9lectionner ici :<\/p>\n","protected":false},"featured_media":1813,"template":"","meta":{"_acf_changed":false},"product_brand":[],"product_cat":[879,130,878],"product_tag":[1603],"class_list":{"0":"post-27691","1":"product","2":"type-product","3":"status-publish","4":"has-post-thumbnail","6":"product_cat-editions-individuelles","7":"product_cat-gospel","8":"product_cat-telechargement-de-musique","9":"product_tag-ea-fr","10":"pa_others-editions-uniques","11":"pa_others-downloads-fr","12":"pa_variation-melodiepiano-telechargement-pdf","13":"pa_variation-piano-solo-fr","14":"pa_variation-sab-telechargement-pdf","15":"pa_variation-sab-version-imprimee","16":"pa_variation-satb-telechargement-pdf","17":"pa_variation-satb-version-imprimee","18":"pa_variation-ssa-telechargement-de-pdf","19":"pa_variation-ssa-version-imprimee","20":"pa_voicing-acappella-fr","21":"pa_voicing-accompagne","22":"pa_voicing-choeur-denfants","23":"pa_voicing-choeur-de-femmes","24":"pa_voicing-instrumental-fr","25":"pa_voicing-sam-fr","26":"pa_voicing-unanimement","28":"first","29":"instock","30":"taxable","31":"shipping-taxable","32":"purchasable","33":"product-type-variable","34":"has-default-attributes"},"acf":[],"yoast_head":"<!-- This site is optimized with the Yoast SEO plugin v27.4 - https:\/\/yoast.com\/product\/yoast-seo-wordpress\/ -->\n<title>Go Tell It in the Mountain (Guillen) %%page% - Notes de gospel<\/title>\n<meta name=\"description\" content=\"Partitions pour piano et pour ch\u0153ur mixte a cappella ou avec accompagnement, \u00e0 t\u00e9l\u00e9charger \u00e9galement ! &gt;&gt;\" \/>\n<meta name=\"robots\" content=\"index, follow, max-snippet:-1, max-image-preview:large, max-video-preview:-1\" \/>\n<link rel=\"canonical\" href=\"https:\/\/www.zebemusic.com\/fr\/product\/go-tell-it-in-the-mountain-guillen\/\" \/>\n<meta property=\"og:locale\" content=\"fr_FR\" \/>\n<meta property=\"og:type\" content=\"article\" \/>\n<meta property=\"og:title\" content=\"Go Tell It in the Mountain (Guillen) %%page% - Notes de gospel\" \/>\n<meta property=\"og:description\" content=\"Partitions pour piano et pour ch\u0153ur mixte a cappella ou avec accompagnement, \u00e0 t\u00e9l\u00e9charger \u00e9galement ! &gt;&gt;\" \/>\n<meta property=\"og:url\" content=\"https:\/\/www.zebemusic.com\/fr\/product\/go-tell-it-in-the-mountain-guillen\/\" \/>\n<meta property=\"og:site_name\" content=\"ZebeMusic\" \/>\n<meta property=\"article:publisher\" content=\"https:\/\/www.facebook.com\/zebemusic\" \/>\n<meta property=\"article:modified_time\" content=\"2025-09-05T16:27:04+00:00\" \/>\n<meta property=\"og:image\" content=\"https:\/\/www.zebemusic.com\/wp-content\/uploads\/2014\/06\/EAtitelweb.jpg\" \/>\n\t<meta property=\"og:image:width\" content=\"353\" \/>\n\t<meta property=\"og:image:height\" content=\"500\" \/>\n\t<meta property=\"og:image:type\" content=\"image\/jpeg\" \/>\n<meta name=\"twitter:card\" content=\"summary_large_image\" \/>\n<script type=\"application\/ld+json\" class=\"yoast-schema-graph\">{\"@context\":\"https:\\\/\\\/schema.org\",\"@graph\":[{\"@type\":\"WebPage\",\"@id\":\"https:\\\/\\\/www.zebemusic.com\\\/fr\\\/product\\\/go-tell-it-in-the-mountain-guillen\\\/\",\"url\":\"https:\\\/\\\/www.zebemusic.com\\\/fr\\\/product\\\/go-tell-it-in-the-mountain-guillen\\\/\",\"name\":\"Go Tell It in the Mountain (Guillen) %%page% - Notes de gospel\",\"isPartOf\":{\"@id\":\"https:\\\/\\\/www.zebemusic.com\\\/de\\\/#website\"},\"primaryImageOfPage\":{\"@id\":\"https:\\\/\\\/www.zebemusic.com\\\/fr\\\/product\\\/go-tell-it-in-the-mountain-guillen\\\/#primaryimage\"},\"image\":{\"@id\":\"https:\\\/\\\/www.zebemusic.com\\\/fr\\\/product\\\/go-tell-it-in-the-mountain-guillen\\\/#primaryimage\"},\"thumbnailUrl\":\"https:\\\/\\\/www.zebemusic.com\\\/wp-content\\\/uploads\\\/2014\\\/06\\\/EAtitelweb.jpg\",\"datePublished\":\"2025-07-28T14:46:34+00:00\",\"dateModified\":\"2025-09-05T16:27:04+00:00\",\"description\":\"Partitions pour piano et pour ch\u0153ur mixte a cappella ou avec accompagnement, \u00e0 t\u00e9l\u00e9charger \u00e9galement ! >>\",\"breadcrumb\":{\"@id\":\"https:\\\/\\\/www.zebemusic.com\\\/fr\\\/product\\\/go-tell-it-in-the-mountain-guillen\\\/#breadcrumb\"},\"inLanguage\":\"fr-FR\",\"potentialAction\":[{\"@type\":\"ReadAction\",\"target\":[\"https:\\\/\\\/www.zebemusic.com\\\/fr\\\/product\\\/go-tell-it-in-the-mountain-guillen\\\/\"]}]},{\"@type\":\"ImageObject\",\"inLanguage\":\"fr-FR\",\"@id\":\"https:\\\/\\\/www.zebemusic.com\\\/fr\\\/product\\\/go-tell-it-in-the-mountain-guillen\\\/#primaryimage\",\"url\":\"https:\\\/\\\/www.zebemusic.com\\\/wp-content\\\/uploads\\\/2014\\\/06\\\/EAtitelweb.jpg\",\"contentUrl\":\"https:\\\/\\\/www.zebemusic.com\\\/wp-content\\\/uploads\\\/2014\\\/06\\\/EAtitelweb.jpg\",\"width\":353,\"height\":500,\"caption\":\"Gospel noten \u30af\u30ea\u30b9\u30de\u30b9\u30fb\u30b4\u30b9\u30da\u30eb\u97f3\u697d\u3002\"},{\"@type\":\"BreadcrumbList\",\"@id\":\"https:\\\/\\\/www.zebemusic.com\\\/fr\\\/product\\\/go-tell-it-in-the-mountain-guillen\\\/#breadcrumb\",\"itemListElement\":[{\"@type\":\"ListItem\",\"position\":1,\"name\":\"Shop\",\"item\":\"https:\\\/\\\/www.zebemusic.com\\\/fr\\\/shop\\\/\"},{\"@type\":\"ListItem\",\"position\":2,\"name\":\"Go Tell It in the Mountain (Guillen)\"}]},{\"@type\":\"WebSite\",\"@id\":\"https:\\\/\\\/www.zebemusic.com\\\/de\\\/#website\",\"url\":\"https:\\\/\\\/www.zebemusic.com\\\/de\\\/\",\"name\":\"ZebeMusic\",\"description\":\"vous incite a chanter.\",\"publisher\":{\"@id\":\"https:\\\/\\\/www.zebemusic.com\\\/de\\\/#organization\"},\"alternateName\":\"Gospelnoten & Kindermusicals\",\"potentialAction\":[{\"@type\":\"SearchAction\",\"target\":{\"@type\":\"EntryPoint\",\"urlTemplate\":\"https:\\\/\\\/www.zebemusic.com\\\/de\\\/?s={search_term_string}\"},\"query-input\":{\"@type\":\"PropertyValueSpecification\",\"valueRequired\":true,\"valueName\":\"search_term_string\"}}],\"inLanguage\":\"fr-FR\"},{\"@type\":\"Organization\",\"@id\":\"https:\\\/\\\/www.zebemusic.com\\\/de\\\/#organization\",\"name\":\"ZebeMusic\",\"url\":\"https:\\\/\\\/www.zebemusic.com\\\/de\\\/\",\"logo\":{\"@type\":\"ImageObject\",\"inLanguage\":\"fr-FR\",\"@id\":\"https:\\\/\\\/www.zebemusic.com\\\/de\\\/#\\\/schema\\\/logo\\\/image\\\/\",\"url\":\"https:\\\/\\\/www.zebemusic.com\\\/wp-content\\\/uploads\\\/2025\\\/10\\\/ZEBE-Logo_ZW-makesyousing.jpg\",\"contentUrl\":\"https:\\\/\\\/www.zebemusic.com\\\/wp-content\\\/uploads\\\/2025\\\/10\\\/ZEBE-Logo_ZW-makesyousing.jpg\",\"width\":2212,\"height\":958,\"caption\":\"ZebeMusic\"},\"image\":{\"@id\":\"https:\\\/\\\/www.zebemusic.com\\\/de\\\/#\\\/schema\\\/logo\\\/image\\\/\"},\"sameAs\":[\"https:\\\/\\\/www.facebook.com\\\/zebemusic\",\"https:\\\/\\\/www.instagram.com\\\/zebemusic\",\"https:\\\/\\\/www.youtube.com\\\/zebemusicberlin\"]}]}<\/script>\n<!-- \/ Yoast SEO plugin. -->","yoast_head_json":{"title":"Go Tell It in the Mountain (Guillen) %%page% - Notes de gospel","description":"Partitions pour piano et pour ch\u0153ur mixte a cappella ou avec accompagnement, \u00e0 t\u00e9l\u00e9charger \u00e9galement ! >>","robots":{"index":"index","follow":"follow","max-snippet":"max-snippet:-1","max-image-preview":"max-image-preview:large","max-video-preview":"max-video-preview:-1"},"canonical":"https:\/\/www.zebemusic.com\/fr\/product\/go-tell-it-in-the-mountain-guillen\/","og_locale":"fr_FR","og_type":"article","og_title":"Go Tell It in the Mountain (Guillen) %%page% - Notes de gospel","og_description":"Partitions pour piano et pour ch\u0153ur mixte a cappella ou avec accompagnement, \u00e0 t\u00e9l\u00e9charger \u00e9galement ! >>","og_url":"https:\/\/www.zebemusic.com\/fr\/product\/go-tell-it-in-the-mountain-guillen\/","og_site_name":"ZebeMusic","article_publisher":"https:\/\/www.facebook.com\/zebemusic","article_modified_time":"2025-09-05T16:27:04+00:00","og_image":[{"width":353,"height":500,"url":"https:\/\/www.zebemusic.com\/wp-content\/uploads\/2014\/06\/EAtitelweb.jpg","type":"image\/jpeg"}],"twitter_card":"summary_large_image","schema":{"@context":"https:\/\/schema.org","@graph":[{"@type":"WebPage","@id":"https:\/\/www.zebemusic.com\/fr\/product\/go-tell-it-in-the-mountain-guillen\/","url":"https:\/\/www.zebemusic.com\/fr\/product\/go-tell-it-in-the-mountain-guillen\/","name":"Go Tell It in the Mountain (Guillen) %%page% - Notes de gospel","isPartOf":{"@id":"https:\/\/www.zebemusic.com\/de\/#website"},"primaryImageOfPage":{"@id":"https:\/\/www.zebemusic.com\/fr\/product\/go-tell-it-in-the-mountain-guillen\/#primaryimage"},"image":{"@id":"https:\/\/www.zebemusic.com\/fr\/product\/go-tell-it-in-the-mountain-guillen\/#primaryimage"},"thumbnailUrl":"https:\/\/www.zebemusic.com\/wp-content\/uploads\/2014\/06\/EAtitelweb.jpg","datePublished":"2025-07-28T14:46:34+00:00","dateModified":"2025-09-05T16:27:04+00:00","description":"Partitions pour piano et pour ch\u0153ur mixte a cappella ou avec accompagnement, \u00e0 t\u00e9l\u00e9charger \u00e9galement ! >>","breadcrumb":{"@id":"https:\/\/www.zebemusic.com\/fr\/product\/go-tell-it-in-the-mountain-guillen\/#breadcrumb"},"inLanguage":"fr-FR","potentialAction":[{"@type":"ReadAction","target":["https:\/\/www.zebemusic.com\/fr\/product\/go-tell-it-in-the-mountain-guillen\/"]}]},{"@type":"ImageObject","inLanguage":"fr-FR","@id":"https:\/\/www.zebemusic.com\/fr\/product\/go-tell-it-in-the-mountain-guillen\/#primaryimage","url":"https:\/\/www.zebemusic.com\/wp-content\/uploads\/2014\/06\/EAtitelweb.jpg","contentUrl":"https:\/\/www.zebemusic.com\/wp-content\/uploads\/2014\/06\/EAtitelweb.jpg","width":353,"height":500,"caption":"Gospel noten \u30af\u30ea\u30b9\u30de\u30b9\u30fb\u30b4\u30b9\u30da\u30eb\u97f3\u697d\u3002"},{"@type":"BreadcrumbList","@id":"https:\/\/www.zebemusic.com\/fr\/product\/go-tell-it-in-the-mountain-guillen\/#breadcrumb","itemListElement":[{"@type":"ListItem","position":1,"name":"Shop","item":"https:\/\/www.zebemusic.com\/fr\/shop\/"},{"@type":"ListItem","position":2,"name":"Go Tell It in the Mountain (Guillen)"}]},{"@type":"WebSite","@id":"https:\/\/www.zebemusic.com\/de\/#website","url":"https:\/\/www.zebemusic.com\/de\/","name":"ZebeMusic","description":"vous incite a chanter.","publisher":{"@id":"https:\/\/www.zebemusic.com\/de\/#organization"},"alternateName":"Gospelnoten & Kindermusicals","potentialAction":[{"@type":"SearchAction","target":{"@type":"EntryPoint","urlTemplate":"https:\/\/www.zebemusic.com\/de\/?s={search_term_string}"},"query-input":{"@type":"PropertyValueSpecification","valueRequired":true,"valueName":"search_term_string"}}],"inLanguage":"fr-FR"},{"@type":"Organization","@id":"https:\/\/www.zebemusic.com\/de\/#organization","name":"ZebeMusic","url":"https:\/\/www.zebemusic.com\/de\/","logo":{"@type":"ImageObject","inLanguage":"fr-FR","@id":"https:\/\/www.zebemusic.com\/de\/#\/schema\/logo\/image\/","url":"https:\/\/www.zebemusic.com\/wp-content\/uploads\/2025\/10\/ZEBE-Logo_ZW-makesyousing.jpg","contentUrl":"https:\/\/www.zebemusic.com\/wp-content\/uploads\/2025\/10\/ZEBE-Logo_ZW-makesyousing.jpg","width":2212,"height":958,"caption":"ZebeMusic"},"image":{"@id":"https:\/\/www.zebemusic.com\/de\/#\/schema\/logo\/image\/"},"sameAs":["https:\/\/www.facebook.com\/zebemusic","https:\/\/www.instagram.com\/zebemusic","https:\/\/www.youtube.com\/zebemusicberlin"]}]}},"_links":{"self":[{"href":"https:\/\/www.zebemusic.com\/fr\/wp-json\/wp\/v2\/product\/27691","targetHints":{"allow":["GET"]}}],"collection":[{"href":"https:\/\/www.zebemusic.com\/fr\/wp-json\/wp\/v2\/product"}],"about":[{"href":"https:\/\/www.zebemusic.com\/fr\/wp-json\/wp\/v2\/types\/product"}],"wp:featuredmedia":[{"embeddable":true,"href":"https:\/\/www.zebemusic.com\/fr\/wp-json\/wp\/v2\/media\/1813"}],"wp:attachment":[{"href":"https:\/\/www.zebemusic.com\/fr\/wp-json\/wp\/v2\/media?parent=27691"}],"wp:term":[{"taxonomy":"product_brand","embeddable":true,"href":"https:\/\/www.zebemusic.com\/fr\/wp-json\/wp\/v2\/product_brand?post=27691"},{"taxonomy":"product_cat","embeddable":true,"href":"https:\/\/www.zebemusic.com\/fr\/wp-json\/wp\/v2\/product_cat?post=27691"},{"taxonomy":"product_tag","embeddable":true,"href":"https:\/\/www.zebemusic.com\/fr\/wp-json\/wp\/v2\/product_tag?post=27691"}],"curies":[{"name":"wp","href":"https:\/\/api.w.org\/{rel}","templated":true}]}}